{"id":309,"date":"2020-01-13T11:17:52","date_gmt":"2020-01-13T11:17:52","guid":{"rendered":"https:\/\/demosites.io\/web-agency-gb\/?page_id=5"},"modified":"2026-02-27T11:46:36","modified_gmt":"2026-02-27T11:46:36","slug":"ferienhaus-flumserberg-tessin","status":"publish","type":"page","link":"https:\/\/nigritella.ch\/","title":{"rendered":"Home"},"content":{"rendered":"\n<div class=\"wp-block-cover alignfull is-light\" style=\"min-height:171px;aspect-ratio:unset;\"><span aria-hidden=\"true\" class=\"wp-block-cover__background has-background-dim-0 has-background-dim\" style=\"background-color:#FFF\"><\/span><div class=\"wp-block-cover__inner-container is-layout-flow wp-block-cover-is-layout-flow\">\n<h1 class=\"wp-block-heading has-text-align-center has-text-color\" style=\"color:#121212\">*** Ferienh\u00e4user zu vermieten<\/h1>\n<\/div><\/div>\n\n\n\n<div class=\"wp-block-cover alignwide is-light\" style=\"min-height:520px;aspect-ratio:unset;\"><span aria-hidden=\"true\" class=\"wp-block-cover__background has-background-dim-0 has-background-dim\" style=\"background-color:#FFF\"><\/span><div class=\"wp-block-cover__inner-container is-layout-flow wp-block-cover-is-layout-flow\">\n<h2 class=\"wp-block-heading has-text-align-center has-text-color\" style=\"color:#121212\">Nigritella | Ferienhaus in den Flumserbergen<\/h2>\n\n\n\n<p><\/p>\n\n\n\n<p class=\"has-text-align-center has-text-color\" style=\"color:#121212;font-size:20px\"><strong>ankommen | Neues entdecken | auftanken in der Natur | geniessen<\/strong><\/p>\n\n\n\n<p class=\"has-text-align-center has-text-color\" style=\"color:#121212;font-size:20px\">Unser Chalet liegt wundersch\u00f6n gelegen auf der Tannenbodenalp (Flumserberg)                                                                                 und bietet viel Raum f\u00fcr Aktivurlaub und Erholung in der Natur.<\/p>\n\n\n\n<p class=\"has-text-align-center has-text-color\" style=\"color:#121212;font-size:20px\">Herzlich willkommen im Nigritella! Wir freuen uns auf euch!<\/p>\n\n\n\n<div class=\"wp-block-buttons is-horizontal is-content-justification-center is-layout-flex wp-container-core-buttons-is-layout-499968f5 wp-block-buttons-is-layout-flex\">\n<div class=\"wp-block-button is-style-primary\"><a class=\"wp-block-button__link has-background wp-element-button\" href=\"https:\/\/nigritella.ch\/?page_id=61\" style=\"background-color:#addeff\">Mehr erfahren<\/a><\/div>\n<\/div>\n<\/div><\/div>\n\n\n\n<div style=\"height:41px\" aria-hidden=\"true\" class=\"wp-block-spacer\"><\/div>\n\n\n\n<figure class=\"wp-block-embed is-type-video is-provider-youtube wp-block-embed-youtube wp-embed-aspect-16-9 wp-has-aspect-ratio\"><div class=\"wp-block-embed__wrapper\">\n<div class=\"nv-iframe-embed\"><iframe loading=\"lazy\" title=\"Film Nigritella - Ferienhaus Flumserberg\" width=\"1200\" height=\"675\" src=\"https:\/\/www.youtube.com\/embed\/KPLJLOB4WhM?feature=oembed\" frameborder=\"0\" allow=\"accelerometer; autoplay; clipboard-write; encrypted-media; gyroscope; picture-in-picture; web-share\" referrerpolicy=\"strict-origin-when-cross-origin\" allowfullscreen><\/iframe><\/div>\n<\/div><\/figure>\n\n\n\n<div style=\"height:41px\" aria-hidden=\"true\" class=\"wp-block-spacer\"><\/div>\n\n\n\n<div class=\"wp-block-columns is-layout-flex wp-container-core-columns-is-layout-9d6595d7 wp-block-columns-is-layout-flex\">\n<div class=\"wp-block-column is-layout-flow wp-block-column-is-layout-flow\">\n<h3 class=\"wp-block-heading has-text-align-center has-neve-text-color-color has-text-color\"><\/h3>\n\n\n\n<p><\/p>\n\n\n\n<h3 class=\"wp-block-heading has-text-align-center has-neve-text-color-color has-text-color\"><strong>WINTERSAISON 2026\/ 202<\/strong>7:<\/h3>\n\n\n\n<p class=\"has-text-align-center has-medium-font-size\">Das sind die freien Ferienwochen in unserem Ferienhaus \u00abNigritella\u00bb:<\/p>\n\n\n\n<p class=\"has-text-align-center has-medium-font-size\"><strong>05.12. &#8211; 12.12.2026<\/strong><\/p>\n\n\n\n<p class=\"has-text-align-center has-medium-font-size\"><strong>12.12. &#8211; 19.12.2026<\/strong><\/p>\n\n\n\n<p class=\"has-text-align-center has-medium-font-size\"><strong>2.01. &#8211; 9.01.2027<\/strong><\/p>\n\n\n\n<p class=\"has-text-align-center has-medium-font-size\"><strong>16.01. &#8211; 23.01.2027<\/strong><\/p>\n\n\n\n<p class=\"has-text-align-center has-medium-font-size\"><strong>23.01. &#8211; 30.01.2027<\/strong><\/p>\n\n\n\n<p class=\"has-text-align-center has-medium-font-size\"><strong>6.03. &#8211; 13.03.2027<\/strong><\/p>\n\n\n\n<p class=\"has-text-align-center has-medium-font-size\"><strong>13.03. &#8211; 20.03.2027<\/strong><\/p>\n\n\n\n<p class=\"has-text-align-center has-medium-font-size\"><strong>20.03. &#8211; 27.03.2027<\/strong><\/p>\n\n\n\n<p class=\"has-text-align-center has-medium-font-size\"><strong>27.03 &#8211; 3.04.2027<\/strong><\/p>\n\n\n\n<p class=\"has-text-align-center has-medium-font-size\">Wir freuen uns auf neue Ferieng\u00e4ste! <\/p>\n\n\n\n<p class=\"has-text-align-center has-medium-font-size\">Anfragen nehmen wir gerne per Mail entgegen.<\/p>\n\n\n\n<div style=\"height:20px\" aria-hidden=\"true\" class=\"wp-block-spacer\"><\/div>\n<\/div>\n<\/div>\n\n\n\n<h2 class=\"wp-block-heading alignfull has-text-align-center has-nv-light-bg-background-color has-text-color has-background\" style=\"color:#121212\">Casa Elisabeth | Ferienhaus im Tessin<\/h2>\n\n\n\n<figure class=\"wp-block-embed is-type-video is-provider-youtube wp-block-embed-youtube wp-embed-aspect-16-9 wp-has-aspect-ratio\"><div class=\"wp-block-embed__wrapper\">\n<div class=\"nv-iframe-embed\"><iframe loading=\"lazy\" title=\"Film Casa Elisabeth - Ferienhaus Pura (Tessin)\" width=\"1200\" height=\"675\" src=\"https:\/\/www.youtube.com\/embed\/glktZBgxr2w?feature=oembed\" frameborder=\"0\" allow=\"accelerometer; autoplay; clipboard-write; encrypted-media; gyroscope; picture-in-picture; web-share\" referrerpolicy=\"strict-origin-when-cross-origin\" allowfullscreen><\/iframe><\/div>\n<\/div><\/figure>\n\n\n\n<div style=\"height:29px\" aria-hidden=\"true\" class=\"wp-block-spacer\"><\/div>\n\n\n\n<div class=\"wp-block-cover alignfull\" style=\"min-height:520px;aspect-ratio:unset;\"><span aria-hidden=\"true\" class=\"wp-block-cover__background has-nv-light-bg-background-color has-background-dim-100 has-background-dim\"><\/span><div class=\"wp-block-cover__inner-container is-layout-flow wp-block-cover-is-layout-flow\">\n<h2 class=\"wp-block-heading has-text-align-center has-nv-light-bg-background-color has-text-color has-background\" style=\"color:#121212;font-size:24px\"><strong><strong>\u2028ankommen | entdecken | Abenteuer erleben | Natur geniessen | sich erholen\u2028<\/strong><\/strong><\/h2>\n\n\n\n<p class=\"has-text-align-center has-nv-light-bg-background-color has-text-color has-background has-medium-font-size\" style=\"color:#121212;font-size:17px\">Unser Ferienhaus liegt ruhig gelegen in Pura \u2013 einem kleinen Dorf im Malcantone \u2013 und ist idealer Ausgangspunkt f\u00fcr sportliche, anregende und genussvolle Ausfl\u00fcge ans Wasser und in die pr\u00e4chtige umliegende Bergwelt. \u2028<\/p>\n\n\n\n<p class=\"has-text-align-center wp-embed-aspect-16-9 wp-has-aspect-ratio has-nv-light-bg-background-color has-text-color has-background has-medium-font-size\" style=\"color:#121212;font-size:17px\">Benvenuti in der Casa Elisabeth! Wir freuen uns auf euch!\u2028&nbsp;<\/p>\n\n\n\n<div class=\"wp-block-buttons wp-embed-aspect-16-9 wp-has-aspect-ratio is-horizontal is-content-justification-center is-layout-flex wp-container-core-buttons-is-layout-499968f5 wp-block-buttons-is-layout-flex\">\n<div class=\"wp-block-button is-style-primary\"><a class=\"wp-block-button__link has-background wp-element-button\" href=\"https:\/\/nigritella.ch\/?page_id=69\" style=\"background-color:#aadefe\">Mehr erfahren<\/a><\/div>\n<\/div>\n\n\n\n<div style=\"height:20px\" aria-hidden=\"true\" class=\"wp-block-spacer\"><\/div>\n<\/div><\/div>\n\n\n\n<div style=\"height:28px\" aria-hidden=\"true\" class=\"wp-block-spacer\"><\/div>\n\n\n\n<div class=\"wp-block-columns has-background is-layout-flex wp-container-core-columns-is-layout-9d6595d7 wp-block-columns-is-layout-flex\" style=\"background-color:#fff9c9\">\n<div class=\"wp-block-column is-layout-flow wp-block-column-is-layout-flow\">\n<div style=\"height:13px\" aria-hidden=\"true\" class=\"wp-block-spacer\"><\/div>\n\n\n\n<h3 class=\"wp-block-heading has-text-align-center has-neve-text-color-color has-text-color\" style=\"font-size:23px\"><strong>AKTUELL \u2013 FERIENWOHNUNG IN DAUERMIETE<\/strong><\/h3>\n\n\n\n<p class=\"has-text-align-center has-medium-font-size\">Haben Sie schon immer von einer Ferienwohnung f\u00fcr ein ganzes Jahr getr\u00e4umt?<\/p>\n\n\n\n<p class=\"has-text-align-center has-medium-font-size\">Sehnen Sie sich nach einem R\u00fcckzugsort, der f\u00fcr Sie mehr ist als nur \u00abeinmal Ferien im Tessin\u00bb? <\/p>\n\n\n\n<p class=\"has-text-align-center has-medium-font-size\">In der Casa Elisabeth in Pura ist JETZT eine <strong>Ferienwohnung in Dauermiete<\/strong> frei! <\/p>\n\n\n\n<div style=\"height:20px\" aria-hidden=\"true\" class=\"wp-block-spacer\"><\/div>\n<\/div>\n<\/div>\n\n\n\n<h6 class=\"wp-block-heading alignwide has-text-align-center has-text-color has-link-color has-medium-font-size wp-elements-ff97594aaef437967475beaea573c54f\" style=\"color:#3f6268\"><\/h6>\n","protected":false},"excerpt":{"rendered":"<p>WINTERSAISON 2026\/ 2027: Das sind die freien Ferienwochen in unserem Ferienhaus \u00abNigritella\u00bb: 05.12. &#8211; 12.12.2026 12.12. &#8211; 19.12.2026 2.01. &#8211; 9.01.2027 16.01. &#8211; 23.01.2027 23.01. &#8211; 30.01.2027 6.03. &#8211; 13.03.2027 13.03. &#8211; 20.03.2027 20.03. &#8211; 27.03.2027 27.03 &#8211; 3.04.2027 Wir freuen uns auf neue Ferieng\u00e4ste! Anfragen nehmen wir gerne per Mail entgegen. Casa Elisabeth |&hellip;&nbsp;<a href=\"https:\/\/nigritella.ch\/\" rel=\"bookmark\">Weiterlesen &raquo;<span class=\"screen-reader-text\">Home<\/span><\/a><\/p>\n","protected":false},"author":1,"featured_media":0,"parent":0,"menu_order":0,"comment_status":"closed","ping_status":"closed","template":"","meta":{"neve_meta_sidebar":"default","neve_meta_container":"default","neve_meta_enable_content_width":"on","neve_meta_content_width":100,"neve_meta_title_alignment":"","neve_meta_author_avatar":"","neve_post_elements_order":"","neve_meta_disable_header":"","neve_meta_disable_footer":"","neve_meta_disable_title":"on","_themeisle_gutenberg_block_has_review":false,"footnotes":""},"class_list":["post-309","page","type-page","status-publish","hentry"],"yoast_head":"<!-- This site is optimized with the Yoast SEO plugin v24.1 - https:\/\/yoast.com\/wordpress\/plugins\/seo\/ -->\n<title>Ferienhaus Flumserberg &amp; Tessin nigritella.ch - Ferienh\u00e4user<\/title>\n<meta name=\"description\" content=\"Ferienhaus Flumserberg &amp; Tessin nigritella.ch - Gem\u00fctlich und famili\u00e4r!\" \/>\n<meta name=\"robots\" content=\"index, follow, max-snippet:-1, max-image-preview:large, max-video-preview:-1\" \/>\n<link rel=\"canonical\" href=\"https:\/\/nigritella.ch\/\" \/>\n<meta property=\"og:locale\" content=\"de_DE\" \/>\n<meta property=\"og:type\" content=\"article\" \/>\n<meta property=\"og:title\" content=\"Ferienhaus Flumserberg &amp; Tessin nigritella.ch - Ferienh\u00e4user\" \/>\n<meta property=\"og:description\" content=\"Ferienhaus Flumserberg &amp; Tessin nigritella.ch - Gem\u00fctlich und famili\u00e4r!\" \/>\n<meta property=\"og:url\" content=\"https:\/\/nigritella.ch\/\" \/>\n<meta property=\"og:site_name\" content=\"nigritella\" \/>\n<meta property=\"article:modified_time\" content=\"2026-02-27T11:46:36+00:00\" \/>\n<meta name=\"twitter:card\" content=\"summary_large_image\" \/>\n<meta name=\"twitter:label1\" content=\"Gesch\u00e4tzte Lesezeit\" \/>\n\t<meta name=\"twitter:data1\" content=\"2\u00a0Minuten\" \/>\n<script type=\"application\/ld+json\" class=\"yoast-schema-graph\">{\"@context\":\"https:\/\/schema.org\",\"@graph\":[{\"@type\":\"WebPage\",\"@id\":\"https:\/\/nigritella.ch\/\",\"url\":\"https:\/\/nigritella.ch\/\",\"name\":\"Ferienhaus Flumserberg & Tessin nigritella.ch - Ferienh\u00e4user\",\"isPartOf\":{\"@id\":\"https:\/\/nigritella.ch\/#website\"},\"datePublished\":\"2020-01-13T11:17:52+00:00\",\"dateModified\":\"2026-02-27T11:46:36+00:00\",\"description\":\"Ferienhaus Flumserberg & Tessin nigritella.ch - Gem\u00fctlich und famili\u00e4r!\",\"breadcrumb\":{\"@id\":\"https:\/\/nigritella.ch\/#breadcrumb\"},\"inLanguage\":\"de\",\"potentialAction\":[{\"@type\":\"ReadAction\",\"target\":[\"https:\/\/nigritella.ch\/\"]}]},{\"@type\":\"BreadcrumbList\",\"@id\":\"https:\/\/nigritella.ch\/#breadcrumb\",\"itemListElement\":[{\"@type\":\"ListItem\",\"position\":1,\"name\":\"Startseite\",\"item\":\"https:\/\/nigritella.ch\/\"},{\"@type\":\"ListItem\",\"position\":2,\"name\":\"Home\"}]},{\"@type\":\"WebSite\",\"@id\":\"https:\/\/nigritella.ch\/#website\",\"url\":\"https:\/\/nigritella.ch\/\",\"name\":\"nigritella\",\"description\":\"\",\"publisher\":{\"@id\":\"https:\/\/nigritella.ch\/#organization\"},\"potentialAction\":[{\"@type\":\"SearchAction\",\"target\":{\"@type\":\"EntryPoint\",\"urlTemplate\":\"https:\/\/nigritella.ch\/?s={search_term_string}\"},\"query-input\":{\"@type\":\"PropertyValueSpecification\",\"valueRequired\":true,\"valueName\":\"search_term_string\"}}],\"inLanguage\":\"de\"},{\"@type\":\"Organization\",\"@id\":\"https:\/\/nigritella.ch\/#organization\",\"name\":\"Ferienh\u00e4user\",\"url\":\"https:\/\/nigritella.ch\/\",\"logo\":{\"@type\":\"ImageObject\",\"inLanguage\":\"de\",\"@id\":\"https:\/\/nigritella.ch\/#\/schema\/logo\/image\/\",\"url\":\"https:\/\/nigritella.ch\/wp-content\/uploads\/2024\/02\/Logo_nigritella.jpg\",\"contentUrl\":\"https:\/\/nigritella.ch\/wp-content\/uploads\/2024\/02\/Logo_nigritella.jpg\",\"width\":318,\"height\":318,\"caption\":\"Ferienh\u00e4user\"},\"image\":{\"@id\":\"https:\/\/nigritella.ch\/#\/schema\/logo\/image\/\"}}]}<\/script>\n<!-- \/ Yoast SEO plugin. -->","yoast_head_json":{"title":"Ferienhaus Flumserberg & Tessin nigritella.ch - Ferienh\u00e4user","description":"Ferienhaus Flumserberg & Tessin nigritella.ch - Gem\u00fctlich und famili\u00e4r!","robots":{"index":"index","follow":"follow","max-snippet":"max-snippet:-1","max-image-preview":"max-image-preview:large","max-video-preview":"max-video-preview:-1"},"canonical":"https:\/\/nigritella.ch\/","og_locale":"de_DE","og_type":"article","og_title":"Ferienhaus Flumserberg & Tessin nigritella.ch - Ferienh\u00e4user","og_description":"Ferienhaus Flumserberg & Tessin nigritella.ch - Gem\u00fctlich und famili\u00e4r!","og_url":"https:\/\/nigritella.ch\/","og_site_name":"nigritella","article_modified_time":"2026-02-27T11:46:36+00:00","twitter_card":"summary_large_image","twitter_misc":{"Gesch\u00e4tzte Lesezeit":"2\u00a0Minuten"},"schema":{"@context":"https:\/\/schema.org","@graph":[{"@type":"WebPage","@id":"https:\/\/nigritella.ch\/","url":"https:\/\/nigritella.ch\/","name":"Ferienhaus Flumserberg & Tessin nigritella.ch - Ferienh\u00e4user","isPartOf":{"@id":"https:\/\/nigritella.ch\/#website"},"datePublished":"2020-01-13T11:17:52+00:00","dateModified":"2026-02-27T11:46:36+00:00","description":"Ferienhaus Flumserberg & Tessin nigritella.ch - Gem\u00fctlich und famili\u00e4r!","breadcrumb":{"@id":"https:\/\/nigritella.ch\/#breadcrumb"},"inLanguage":"de","potentialAction":[{"@type":"ReadAction","target":["https:\/\/nigritella.ch\/"]}]},{"@type":"BreadcrumbList","@id":"https:\/\/nigritella.ch\/#breadcrumb","itemListElement":[{"@type":"ListItem","position":1,"name":"Startseite","item":"https:\/\/nigritella.ch\/"},{"@type":"ListItem","position":2,"name":"Home"}]},{"@type":"WebSite","@id":"https:\/\/nigritella.ch\/#website","url":"https:\/\/nigritella.ch\/","name":"nigritella","description":"","publisher":{"@id":"https:\/\/nigritella.ch\/#organization"},"potentialAction":[{"@type":"SearchAction","target":{"@type":"EntryPoint","urlTemplate":"https:\/\/nigritella.ch\/?s={search_term_string}"},"query-input":{"@type":"PropertyValueSpecification","valueRequired":true,"valueName":"search_term_string"}}],"inLanguage":"de"},{"@type":"Organization","@id":"https:\/\/nigritella.ch\/#organization","name":"Ferienh\u00e4user","url":"https:\/\/nigritella.ch\/","logo":{"@type":"ImageObject","inLanguage":"de","@id":"https:\/\/nigritella.ch\/#\/schema\/logo\/image\/","url":"https:\/\/nigritella.ch\/wp-content\/uploads\/2024\/02\/Logo_nigritella.jpg","contentUrl":"https:\/\/nigritella.ch\/wp-content\/uploads\/2024\/02\/Logo_nigritella.jpg","width":318,"height":318,"caption":"Ferienh\u00e4user"},"image":{"@id":"https:\/\/nigritella.ch\/#\/schema\/logo\/image\/"}}]}},"_links":{"self":[{"href":"https:\/\/nigritella.ch\/index.php?rest_route=\/wp\/v2\/pages\/309","targetHints":{"allow":["GET"]}}],"collection":[{"href":"https:\/\/nigritella.ch\/index.php?rest_route=\/wp\/v2\/pages"}],"about":[{"href":"https:\/\/nigritella.ch\/index.php?rest_route=\/wp\/v2\/types\/page"}],"author":[{"embeddable":true,"href":"https:\/\/nigritella.ch\/index.php?rest_route=\/wp\/v2\/users\/1"}],"replies":[{"embeddable":true,"href":"https:\/\/nigritella.ch\/index.php?rest_route=%2Fwp%2Fv2%2Fcomments&post=309"}],"version-history":[{"count":73,"href":"https:\/\/nigritella.ch\/index.php?rest_route=\/wp\/v2\/pages\/309\/revisions"}],"predecessor-version":[{"id":892,"href":"https:\/\/nigritella.ch\/index.php?rest_route=\/wp\/v2\/pages\/309\/revisions\/892"}],"wp:attachment":[{"href":"https:\/\/nigritella.ch\/index.php?rest_route=%2Fwp%2Fv2%2Fmedia&parent=309"}],"curies":[{"name":"wp","href":"https:\/\/api.w.org\/{rel}","templated":true}]}}